{"id":2062,"date":"2025-04-29T11:51:00","date_gmt":"2025-04-29T09:51:00","guid":{"rendered":"https:\/\/visitvlissingen.nl\/?post_type=spot&#038;p=2062"},"modified":"2026-01-23T12:56:58","modified_gmt":"2026-01-23T11:56:58","slug":"ontdek-vlissingen-een-fietsroute-vol-verhalen","status":"publish","type":"spot","link":"https:\/\/visitvlissingen.nl\/fr\/spots\/ontdek-vlissingen-een-fietsroute-vol-verhalen\/","title":{"rendered":"D\u00e9couvrez Flessingue : Une piste cyclable pleine d'histoires !"},"content":{"rendered":"<section class=\"block background-blue-primary block--header block--no-spacing-top\">\n    <div class=\"container px-5 px-lg-8\">\n        <div class=\"block--header__swiper swiper-container swiper-box disable-auto-height-from-lg\">\n            <div class=\"swiper-wrapper\">\n                                     \n\n                    <div class=\"swiper-slide\">\n                        <div class=\"row gx-7 h-100\">\n                            <div class=\"col-xxxl-5 col-xxl-5 col-xl-6 d-flex justify-content-between flex-column\">\n                                <div class=\"mt-4\">\n                                                                                                                                                                                                                                                                                                                                                                                                                                                                                                                                                                                                                                                                                                                                                                            <\/div>\n\n                                <div class=\"block--header__text ps-xxxl-9\">\n                                    \n                                                                            <h1 class=\"d-none d-lg-block\" >D\u00e9couvrez Flessingue : Une piste cyclable pleine d'histoires !<\/h1>\n    <h1 class=\"d-block d-lg-none\" >D\u00e9couvrez Flessingue : Une piste cyclable pleine d'histoires !<\/h1>\n                                    \n                                    \n                                    \n                                                                                                                                                    \n                                                                    <\/div>\n                                <div><\/div>\n                            <\/div>\n                            <div class=\"mt-7 mt-xl-0 col-xxxl-6 col-xxl-7 col-xl-6 offset-xxxl-1 pe-xxxl-9\">\n                                                                                                                                                                <figure class=\"image block--header__image block--header__image--small z-1\">\n                                                <img decoding=\"async\" src=\"https:\/\/visitvlissingen.nl\/wp-content\/uploads\/2025\/04\/DSC0302-x-Duinen-fietsers-bewwit.jpg\" alt=\"\" \/>\n                                            <\/figure>\n                                                                                                    <\/div>\n                        <\/div>\n                    <\/div>\n                            <\/div>\n        <\/div>\n    <\/div>\n    <div class=\"waves\">\n        <div class=\"waves__wave waves__wave--green-secondary\"><\/div>\n    <\/div>\n<\/section>\n\n\n<section class=\"block block--text\">\n        <div class=\"container px-5 px-lg-8\">\n            <div class=\"row justify-content-center\">\n                <div class=\"col-xxl-10\">\n                                                                        <div class=\"row\">\n                                <div class=\"col-xxxl-5 col-xl-6\">\n                                                                                                                <div class=\"text-wrapper\"><p data-start=\"130\" data-end=\"337\">Vlissingen, Oost-Souburg et Ritthem se d\u00e9couvrent de pr\u00e9f\u00e9rence \u00e0 v\u00e9lo. Cet itin\u00e9raire d'environ 25 kilom\u00e8tres vous fera d\u00e9couvrir la ville et les villages dans tous leurs contrastes : de la mer et des boulevards anim\u00e9s \u00e0 la nature verdoyante et aux sites historiques. Suivez l'itin\u00e9raire cyclable et cliquez sur les points d'int\u00e9r\u00eat pour en savoir plus sur les sites embl\u00e9matiques et les lieux insolites.<\/p>\n<\/div>\n                                                                                                        <\/div>\n                            <\/div>\n                                            \n                <\/div>\n            <\/div>\n        <\/div>\n    <\/section>\n\n\n<section class=\"block block--floorplan\">\n        <div class=\"block--floorplan__wrapper\" aria-hidden=\"true\" tabindex=\"-1\">\n            <div class=\"d-none\">\n                                                                                                            <div \n                            class=\"popup-content floorplan-content-0\" \n                            data-spot-url=\"https:\/\/visitvlissingen.nl\/fr\/spots\/het-bellamypark\/\" \n                        >\n                            <article class=\"spot-item theme-bottom-right-triangle\">\n    <a class=\"d-block\" tabindex=\"0\" href=\"https:\/\/visitvlissingen.nl\/fr\/spots\/het-bellamypark\/\" aria-label=\"Regarder ce spot\">\n                    <figure class=\"image spot-item__image scale-on-hover\">\n                <img decoding=\"async\" class=\"image-position--center\" src=\"https:\/\/visitvlissingen.nl\/wp-content\/uploads\/2025\/04\/DSC2683-x-bellamypark-bewwit.jpg\" alt=\"\"  loading=\"lazy\">\n            <\/figure>\n                <div class=\"spot-item__content p-6 flex-grow-1\">\n            <div>\n                                    <div class=\"cats-meta mb-3 color-blue-secondary\">\n                    <span class=\"d-inline-flex me-3\">\n                                <span class=\"cats-meta__item\">Divertissement<\/span>\n            <\/span>\n            <\/div>\n                                <h3 class=\"mb-3\">Le parc Bellamy<\/h3>\n                                    <div class=\"text--wrapper\">Bellamypark est le c\u0153ur battant de Flessingue, une place anim\u00e9e o\u00f9 tout se m\u00eale : convivialit\u00e9, culture et gastronomie. <\/div>\n                \n                <div class=\"link-arrow mt-4 color-blue-secondary\">\n                    <span class=\"me-4\">\n                <i class=\"icon icon-arrow-right\" aria-hidden=\"true\"><\/i>\n            <\/span>\n        \n                    <span>Regarder ce spot<\/span>\n            <\/div>\n            <\/div>\n        <\/div>\n    <\/a>\n<\/article>\n\n                        <\/div>\n                                                                                            <div \n                            class=\"popup-content floorplan-content-1\" \n                            data-spot-url=\"https:\/\/visitvlissingen.nl\/fr\/spots\/kazematten-tijdelijk-gesloten\/\" \n                        >\n                            <article class=\"spot-item theme-bottom-right-triangle\">\n    <a class=\"d-block\" tabindex=\"0\" href=\"https:\/\/visitvlissingen.nl\/fr\/spots\/kazematten-tijdelijk-gesloten\/\" aria-label=\"Regarder ce spot\">\n                    <figure class=\"image spot-item__image scale-on-hover\">\n                <img decoding=\"async\" class=\"image-position--center\" src=\"https:\/\/visitvlissingen.nl\/wp-content\/uploads\/2025\/04\/DSC5804x-boulevard-kazematten-bewwit.jpg\" alt=\"\"  loading=\"lazy\">\n            <\/figure>\n                <div class=\"spot-item__content p-6 flex-grow-1\">\n            <div>\n                                    <div class=\"cats-meta mb-3 color-blue-secondary\">\n                    <span class=\"d-inline-flex me-3\">\n                                <span class=\"cats-meta__item\">Sites historiques<\/span>\n            <\/span>\n            <\/div>\n                                <h3 class=\"mb-3\">Casemates (temporairement ferm\u00e9)<\/h3>\n                                    <div class=\"text--wrapper\">Les casemates de Flessingue sont une structure historique impressionnante qui fait partie du syst\u00e8me de d\u00e9fense c\u00f4ti\u00e8re.<\/div>\n                \n                <div class=\"link-arrow mt-4 color-blue-secondary\">\n                    <span class=\"me-4\">\n                <i class=\"icon icon-arrow-right\" aria-hidden=\"true\"><\/i>\n            <\/span>\n        \n                    <span>Regarder ce spot<\/span>\n            <\/div>\n            <\/div>\n        <\/div>\n    <\/a>\n<\/article>\n\n                        <\/div>\n                                                                                            <div \n                            class=\"popup-content floorplan-content-2\" \n                            data-spot-url=\"https:\/\/visitvlissingen.nl\/fr\/spots\/standbeeld-michiel-de-ruyter\/\" \n                        >\n                            <article class=\"spot-item theme-bottom-right-triangle\">\n    <a class=\"d-block\" tabindex=\"0\" href=\"https:\/\/visitvlissingen.nl\/fr\/spots\/standbeeld-michiel-de-ruyter\/\" aria-label=\"Regarder ce spot\">\n                    <figure class=\"image spot-item__image scale-on-hover\">\n                <img decoding=\"async\" class=\"image-position--center\" src=\"https:\/\/visitvlissingen.nl\/wp-content\/uploads\/2025\/10\/Michiel-de-Ruyter.jpg\" alt=\"\"  loading=\"lazy\">\n            <\/figure>\n                <div class=\"spot-item__content p-6 flex-grow-1\">\n            <div>\n                                    <div class=\"cats-meta mb-3 color-blue-secondary\">\n                    <span class=\"d-inline-flex me-3\">\n                                <span class=\"cats-meta__item\">Sites historiques<\/span>\n            <\/span>\n            <\/div>\n                                <h3 class=\"mb-3\">Statue de Michiel de Ruyter<\/h3>\n                                    <div class=\"text--wrapper\">Michiel de Ruyter a d\u00e9fendu la flotte n\u00e9erlandaise au XVIIe si\u00e8cle. Il ne s'agit donc pas seulement d'un endroit o\u00f9 l'on peut observer les navires, mais aussi d'un lieu o\u00f9 l'on peut prendre le temps de r\u00e9fl\u00e9chir \u00e0 la riche histoire maritime de Flessingue.<\/div>\n                \n                <div class=\"link-arrow mt-4 color-blue-secondary\">\n                    <span class=\"me-4\">\n                <i class=\"icon icon-arrow-right\" aria-hidden=\"true\"><\/i>\n            <\/span>\n        \n                    <span>Regarder ce spot<\/span>\n            <\/div>\n            <\/div>\n        <\/div>\n    <\/a>\n<\/article>\n\n                        <\/div>\n                                                                                            <div \n                            class=\"popup-content floorplan-content-3\" \n                            data-spot-url=\"https:\/\/visitvlissingen.nl\/fr\/spots\/windorgel\/\" \n                        >\n                            <article class=\"spot-item theme-bottom-right-triangle\">\n    <a class=\"d-block\" tabindex=\"0\" href=\"https:\/\/visitvlissingen.nl\/fr\/spots\/windorgel\/\" aria-label=\"Regarder ce spot\">\n                    <figure class=\"image spot-item__image scale-on-hover\">\n                <img decoding=\"async\" class=\"image-position--center\" src=\"https:\/\/visitvlissingen.nl\/wp-content\/uploads\/2025\/04\/GemVlisCityMarketingJuni25-Windorgel01.jpg\" alt=\"\"  loading=\"lazy\">\n            <\/figure>\n                <div class=\"spot-item__content p-6 flex-grow-1\">\n            <div>\n                                    <div class=\"cats-meta mb-3 color-blue-secondary\">\n                    <span class=\"d-inline-flex me-3\">\n                                <span class=\"cats-meta__item\">Nature<\/span>\n            <\/span>\n            <\/div>\n                                <h3 class=\"mb-3\">Orgue \u00e0 vent<\/h3>\n                                    <div class=\"text--wrapper\">L'orgue \u00e0 vent, situ\u00e9 sur la promenade de Flessingue, est une \u0153uvre d'art qui transforme la force naturelle du vent en musique. Cet instrument sp\u00e9cial se compose d'une s\u00e9rie de tuyaux verticaux.<\/div>\n                \n                <div class=\"link-arrow mt-4 color-blue-secondary\">\n                    <span class=\"me-4\">\n                <i class=\"icon icon-arrow-right\" aria-hidden=\"true\"><\/i>\n            <\/span>\n        \n                    <span>Regarder ce spot<\/span>\n            <\/div>\n            <\/div>\n        <\/div>\n    <\/a>\n<\/article>\n\n                        <\/div>\n                                                                                            <div \n                            class=\"popup-content floorplan-content-4\" \n                            data-spot-url=\"https:\/\/visitvlissingen.nl\/fr\/spots\/nollestrand\/\" \n                        >\n                            <article class=\"spot-item theme-bottom-right-triangle\">\n    <a class=\"d-block\" tabindex=\"0\" href=\"https:\/\/visitvlissingen.nl\/fr\/spots\/nollestrand\/\" aria-label=\"Regarder ce spot\">\n                    <figure class=\"image spot-item__image scale-on-hover\">\n                <img decoding=\"async\" class=\"image-position--center\" src=\"https:\/\/visitvlissingen.nl\/wp-content\/uploads\/2025\/04\/DSC7132-x-nollestrand-bewwit.jpg\" alt=\"\"  loading=\"lazy\">\n            <\/figure>\n                <div class=\"spot-item__content p-6 flex-grow-1\">\n            <div>\n                                    <div class=\"cats-meta mb-3 color-blue-secondary\">\n                    <span class=\"d-inline-flex me-3\">\n                                <span class=\"cats-meta__item\">Nature<\/span>\n            <\/span>\n            <\/div>\n                                <h3 class=\"mb-3\">Plage de Nolle<\/h3>\n                                    <div class=\"text--wrapper\">La plage de Nolle, \u00e0 Flessingue, est un endroit tr\u00e8s pris\u00e9 des habitants et des touristes pour profiter du soleil, de la mer et de la plage. <\/div>\n                \n                <div class=\"link-arrow mt-4 color-blue-secondary\">\n                    <span class=\"me-4\">\n                <i class=\"icon icon-arrow-right\" aria-hidden=\"true\"><\/i>\n            <\/span>\n        \n                    <span>Regarder ce spot<\/span>\n            <\/div>\n            <\/div>\n        <\/div>\n    <\/a>\n<\/article>\n\n                        <\/div>\n                                                                                            <div \n                            class=\"popup-content floorplan-content-5\" \n                            data-spot-url=\"https:\/\/visitvlissingen.nl\/fr\/spots\/nollebos\/\" \n                        >\n                            <article class=\"spot-item theme-bottom-right-triangle\">\n    <a class=\"d-block\" tabindex=\"0\" href=\"https:\/\/visitvlissingen.nl\/fr\/spots\/nollebos\/\" aria-label=\"Regarder ce spot\">\n                    <figure class=\"image spot-item__image scale-on-hover\">\n                <img decoding=\"async\" class=\"image-position--center\" src=\"https:\/\/visitvlissingen.nl\/wp-content\/uploads\/2025\/02\/GemVlisCityMarketingJuni25-Nollebos01.jpg\" alt=\"\"  loading=\"lazy\">\n            <\/figure>\n                <div class=\"spot-item__content p-6 flex-grow-1\">\n            <div>\n                                    <div class=\"cats-meta mb-3 color-blue-secondary\">\n                    <span class=\"d-inline-flex me-3\">\n                                <span class=\"cats-meta__item\">Nature<\/span>\n            <\/span>\n            <\/div>\n                                <h3 class=\"mb-3\">Nollebos<\/h3>\n                                    <div class=\"text--wrapper\">Nollebos est une zone de loisirs et de nature tr\u00e8s appr\u00e9ci\u00e9e, situ\u00e9e \u00e0 la p\u00e9riph\u00e9rie de Flessingue, \u00e0 proximit\u00e9 des dunes et de la plage de Nolle. <\/div>\n                \n                <div class=\"link-arrow mt-4 color-blue-secondary\">\n                    <span class=\"me-4\">\n                <i class=\"icon icon-arrow-right\" aria-hidden=\"true\"><\/i>\n            <\/span>\n        \n                    <span>Regarder ce spot<\/span>\n            <\/div>\n            <\/div>\n        <\/div>\n    <\/a>\n<\/article>\n\n                        <\/div>\n                                                                                            <div \n                            class=\"popup-content floorplan-content-6\" \n                            data-spot-url=\"https:\/\/visitvlissingen.nl\/fr\/spots\/watertoren-vlissingen\/\" \n                        >\n                            <article class=\"spot-item theme-bottom-right-triangle\">\n    <a class=\"d-block\" tabindex=\"0\" href=\"https:\/\/visitvlissingen.nl\/fr\/spots\/watertoren-vlissingen\/\" aria-label=\"Regarder ce spot\">\n                    <figure class=\"image spot-item__image scale-on-hover\">\n                <img decoding=\"async\" class=\"image-position--center\" src=\"https:\/\/visitvlissingen.nl\/wp-content\/uploads\/2025\/04\/022_D4X1163-watertoren-bew.jpg\" alt=\"\"  loading=\"lazy\">\n            <\/figure>\n                <div class=\"spot-item__content p-6 flex-grow-1\">\n            <div>\n                                    <div class=\"cats-meta mb-3 color-blue-secondary\">\n                    <span class=\"d-inline-flex me-3\">\n                                <span class=\"cats-meta__item\">S\u00e9journer en ville<\/span>\n            <\/span>\n            <\/div>\n                                <h3 class=\"mb-3\">Ch\u00e2teau d'eau de Flessingue<\/h3>\n                                    <div class=\"text--wrapper\">Le ch\u00e2teau d'eau de Flessingue, situ\u00e9 \u00e0 Badhuisstraat 187, est une structure remarquable datant de 1894. Depuis 2015, la tour a \u00e9t\u00e9 enti\u00e8rement restaur\u00e9e et transform\u00e9e en une maison de vacances unique. <\/div>\n                \n                <div class=\"link-arrow mt-4 color-blue-secondary\">\n                    <span class=\"me-4\">\n                <i class=\"icon icon-arrow-right\" aria-hidden=\"true\"><\/i>\n            <\/span>\n        \n                    <span>Regarder ce spot<\/span>\n            <\/div>\n            <\/div>\n        <\/div>\n    <\/a>\n<\/article>\n\n                        <\/div>\n                                                                                            <div \n                            class=\"popup-content floorplan-content-7\" \n                            data-spot-url=\"https:\/\/visitvlissingen.nl\/fr\/spots\/de-scheldekraan\/\" \n                        >\n                            <article class=\"spot-item theme-bottom-right-triangle\">\n    <a class=\"d-block\" tabindex=\"0\" href=\"https:\/\/visitvlissingen.nl\/fr\/spots\/de-scheldekraan\/\" aria-label=\"Regarder ce spot\">\n                    <figure class=\"image spot-item__image scale-on-hover\">\n                <img decoding=\"async\" class=\"image-position--center\" src=\"https:\/\/visitvlissingen.nl\/wp-content\/uploads\/2025\/04\/GemVlisCityMarketingJuni25-Scheldekraan02.jpg\" alt=\"\"  loading=\"lazy\">\n            <\/figure>\n                <div class=\"spot-item__content p-6 flex-grow-1\">\n            <div>\n                                    <div class=\"cats-meta mb-3 color-blue-secondary\">\n                    <span class=\"d-inline-flex me-3\">\n                                <span class=\"cats-meta__item\">Sites historiques<\/span>\n            <\/span>\n            <\/div>\n                                <h3 class=\"mb-3\">La grue de l'Escaut<\/h3>\n                                    <div class=\"text--wrapper\">La grue de l'Escaut, une imposante grue de construction navale situ\u00e9e dans le quartier de l'Escaut de Flessingue, est un monument impressionnant datant de l'\u00e9poque o\u00f9 la Compagnie royale de l'Escaut prosp\u00e9rait ici. <\/div>\n                \n                <div class=\"link-arrow mt-4 color-blue-secondary\">\n                    <span class=\"me-4\">\n                <i class=\"icon icon-arrow-right\" aria-hidden=\"true\"><\/i>\n            <\/span>\n        \n                    <span>Regarder ce spot<\/span>\n            <\/div>\n            <\/div>\n        <\/div>\n    <\/a>\n<\/article>\n\n                        <\/div>\n                                                                                            <div \n                            class=\"popup-content floorplan-content-8\" \n                            data-spot-url=\"https:\/\/visitvlissingen.nl\/fr\/spots\/de-machinefabriek\/\" \n                        >\n                            <article class=\"spot-item theme-bottom-right-triangle\">\n    <a class=\"d-block\" tabindex=\"0\" href=\"https:\/\/visitvlissingen.nl\/fr\/spots\/de-machinefabriek\/\" aria-label=\"Regarder ce spot\">\n                    <figure class=\"image spot-item__image scale-on-hover\">\n                <img decoding=\"async\" class=\"image-position--center\" src=\"https:\/\/visitvlissingen.nl\/wp-content\/uploads\/2025\/04\/GemVlisCityMarketingJuni25-Machinefabriek02.jpg\" alt=\"\"  loading=\"lazy\">\n            <\/figure>\n                <div class=\"spot-item__content p-6 flex-grow-1\">\n            <div>\n                                    <div class=\"cats-meta mb-3 color-blue-secondary\">\n                    <span class=\"d-inline-flex me-3\">\n                                <span class=\"cats-meta__item\">Sites historiques<\/span>\n            <\/span>\n            <\/div>\n                                <h3 class=\"mb-3\">L'usine de machines<\/h3>\n                                    <div class=\"text--wrapper\">La Machinefabriek, b\u00e2timent embl\u00e9matique du quartier de l'Escaut \u00e0 Flessingue, est une pi\u00e8ce imposante du patrimoine industriel datant de l'\u00e9poque o\u00f9 la ville prosp\u00e9rait en tant que centre de construction navale. <\/div>\n                \n                <div class=\"link-arrow mt-4 color-blue-secondary\">\n                    <span class=\"me-4\">\n                <i class=\"icon icon-arrow-right\" aria-hidden=\"true\"><\/i>\n            <\/span>\n        \n                    <span>Regarder ce spot<\/span>\n            <\/div>\n            <\/div>\n        <\/div>\n    <\/a>\n<\/article>\n\n                        <\/div>\n                                                                                            <div \n                            class=\"popup-content floorplan-content-9\" \n                            data-spot-url=\"https:\/\/visitvlissingen.nl\/fr\/spots\/timmerfabriek\/\" \n                        >\n                            <article class=\"spot-item theme-bottom-right-triangle\">\n    <a class=\"d-block\" tabindex=\"0\" href=\"https:\/\/visitvlissingen.nl\/fr\/spots\/timmerfabriek\/\" aria-label=\"Regarder ce spot\">\n                    <figure class=\"image spot-item__image scale-on-hover\">\n                <img decoding=\"async\" class=\"image-position--center\" src=\"https:\/\/visitvlissingen.nl\/wp-content\/uploads\/2025\/03\/D4X4737-x-Timmerfabriek-bewwit.jpg\" alt=\"\"  loading=\"lazy\">\n            <\/figure>\n                <div class=\"spot-item__content p-6 flex-grow-1\">\n            <div>\n                                    <div class=\"cats-meta mb-3 color-blue-secondary\">\n                    <span class=\"d-inline-flex me-3\">\n                                    <span><i class=\"icon icon-angle-right me-3\" aria-hidden=\"true\"><\/i><\/span>\n                                <span class=\"cats-meta__item\">S\u00e9journer en ville<\/span>\n            <\/span>\n                    <span class=\"d-inline-flex me-3\">\n                                    <span><i class=\"icon icon-angle-right me-3\" aria-hidden=\"true\"><\/i><\/span>\n                                <span class=\"cats-meta__item\">Restaurants<\/span>\n            <\/span>\n            <\/div>\n                                <h3 class=\"mb-3\">Usine de menuiserie<\/h3>\n                                    <div class=\"text--wrapper\">Dans le quartier \u00e9mergent de l'Escaut, \u00e0 Flessingue, se trouve l'Hotel de Timmerfabriek, un monument national de 1914 transform\u00e9 en h\u00f4tel 4 \u00e9toiles de luxe. <\/div>\n                \n                <div class=\"link-arrow mt-4 color-blue-secondary\">\n                    <span class=\"me-4\">\n                <i class=\"icon icon-arrow-right\" aria-hidden=\"true\"><\/i>\n            <\/span>\n        \n                    <span>Regarder ce spot<\/span>\n            <\/div>\n            <\/div>\n        <\/div>\n    <\/a>\n<\/article>\n\n                        <\/div>\n                                                                                            <div \n                            class=\"popup-content floorplan-content-10\" \n                            data-spot-url=\"https:\/\/visitvlissingen.nl\/fr\/spots\/karolingische-burg\/\" \n                        >\n                            <article class=\"spot-item theme-bottom-right-triangle\">\n    <a class=\"d-block\" tabindex=\"0\" href=\"https:\/\/visitvlissingen.nl\/fr\/spots\/karolingische-burg\/\" aria-label=\"Regarder ce spot\">\n                    <figure class=\"image spot-item__image scale-on-hover\">\n                <img decoding=\"async\" class=\"image-position--center\" src=\"https:\/\/visitvlissingen.nl\/wp-content\/uploads\/2025\/03\/GemVlisCityMarketingJuni25-Karolingenburg01.jpg\" alt=\"\"  loading=\"lazy\">\n            <\/figure>\n                <div class=\"spot-item__content p-6 flex-grow-1\">\n            <div>\n                                    <div class=\"cats-meta mb-3 color-blue-secondary\">\n                    <span class=\"d-inline-flex me-3\">\n                                <span class=\"cats-meta__item\">Sites historiques<\/span>\n            <\/span>\n            <\/div>\n                                <h3 class=\"mb-3\">Burg carolingien<\/h3>\n                                    <div class=\"text--wrapper\">Au c\u0153ur d'Oost-Souburg se trouve le Carolingische Burg, un impressionnant ch\u00e2teau aux murs d'enceinte datant du IXe si\u00e8cle. <\/div>\n                \n                <div class=\"link-arrow mt-4 color-blue-secondary\">\n                    <span class=\"me-4\">\n                <i class=\"icon icon-arrow-right\" aria-hidden=\"true\"><\/i>\n            <\/span>\n        \n                    <span>Regarder ce spot<\/span>\n            <\/div>\n            <\/div>\n        <\/div>\n    <\/a>\n<\/article>\n\n                        <\/div>\n                                                                                            <div \n                            class=\"popup-content floorplan-content-11\" \n                            data-spot-url=\"https:\/\/visitvlissingen.nl\/fr\/spots\/ritthemse-bos\/\" \n                        >\n                            <article class=\"spot-item theme-bottom-right-triangle\">\n    <a class=\"d-block\" tabindex=\"0\" href=\"https:\/\/visitvlissingen.nl\/fr\/spots\/ritthemse-bos\/\" aria-label=\"Regarder ce spot\">\n                    <figure class=\"image spot-item__image scale-on-hover\">\n                <img decoding=\"async\" class=\"image-position--center\" src=\"https:\/\/visitvlissingen.nl\/wp-content\/uploads\/2025\/03\/GemVlisCityMarketingJuni25-Rithemsebos01.jpg\" alt=\"\"  loading=\"lazy\">\n            <\/figure>\n                <div class=\"spot-item__content p-6 flex-grow-1\">\n            <div>\n                                    <div class=\"cats-meta mb-3 color-blue-secondary\">\n                    <span class=\"d-inline-flex me-3\">\n                                <span class=\"cats-meta__item\">Nature<\/span>\n            <\/span>\n            <\/div>\n                                <h3 class=\"mb-3\">For\u00eat de Ritthem<\/h3>\n                                    <div class=\"text--wrapper\">Le Ritthemse Bos, officiellement connu sous le nom de r\u00e9serve naturelle Rammekenshoek, est une r\u00e9serve naturelle d'environ 70 hectares, situ\u00e9e pr\u00e8s du village de Ritthem. <\/div>\n                \n                <div class=\"link-arrow mt-4 color-blue-secondary\">\n                    <span class=\"me-4\">\n                <i class=\"icon icon-arrow-right\" aria-hidden=\"true\"><\/i>\n            <\/span>\n        \n                    <span>Regarder ce spot<\/span>\n            <\/div>\n            <\/div>\n        <\/div>\n    <\/a>\n<\/article>\n\n                        <\/div>\n                                                                                            <div \n                            class=\"popup-content floorplan-content-12\" \n                            data-spot-url=\"https:\/\/visitvlissingen.nl\/fr\/spots\/fort-rammekens\/\" \n                        >\n                            <article class=\"spot-item theme-bottom-right-triangle\">\n    <a class=\"d-block\" tabindex=\"0\" href=\"https:\/\/visitvlissingen.nl\/fr\/spots\/fort-rammekens\/\" aria-label=\"Regarder ce spot\">\n                    <figure class=\"image spot-item__image scale-on-hover\">\n                <img decoding=\"async\" class=\"image-position--center\" src=\"https:\/\/visitvlissingen.nl\/wp-content\/uploads\/2025\/03\/GemVlisCityMarketingJuni25-FortRammekes02.jpg\" alt=\"\"  loading=\"lazy\">\n            <\/figure>\n                <div class=\"spot-item__content p-6 flex-grow-1\">\n            <div>\n                                    <div class=\"cats-meta mb-3 color-blue-secondary\">\n                    <span class=\"d-inline-flex me-3\">\n                                <span class=\"cats-meta__item\">Sites historiques<\/span>\n            <\/span>\n            <\/div>\n                                <h3 class=\"mb-3\">Fort Rammekens<\/h3>\n                                    <div class=\"text--wrapper\">D\u00e9couvrez le Fort Rammekens, le plus ancien fort maritime d'Europe occidentale, situ\u00e9 pr\u00e8s de Ritthem, dans l'estuaire de l'Escaut occidental. Construit en 1547, ce fort a jou\u00e9 un r\u00f4le crucial dans l'histoire maritime de la Z\u00e9lande.<\/div>\n                \n                <div class=\"link-arrow mt-4 color-blue-secondary\">\n                    <span class=\"me-4\">\n                <i class=\"icon icon-arrow-right\" aria-hidden=\"true\"><\/i>\n            <\/span>\n        \n                    <span>Regarder ce spot<\/span>\n            <\/div>\n            <\/div>\n        <\/div>\n    <\/a>\n<\/article>\n\n                        <\/div>\n                                                                                            <div \n                            class=\"popup-content floorplan-content-13\" \n                            data-spot-url=\"https:\/\/visitvlissingen.nl\/fr\/spots\/historische-kerk-van-ritthem\/\" \n                        >\n                            <article class=\"spot-item theme-bottom-right-triangle\">\n    <a class=\"d-block\" tabindex=\"0\" href=\"https:\/\/visitvlissingen.nl\/fr\/spots\/historische-kerk-van-ritthem\/\" aria-label=\"Regarder ce spot\">\n                    <figure class=\"image spot-item__image scale-on-hover\">\n                <img decoding=\"async\" class=\"image-position--center\" src=\"https:\/\/visitvlissingen.nl\/wp-content\/uploads\/2026\/01\/DSC_0621-Kerk-Ritthem.jpg\" alt=\"\"  loading=\"lazy\">\n            <\/figure>\n                <div class=\"spot-item__content p-6 flex-grow-1\">\n            <div>\n                                    <div class=\"cats-meta mb-3 color-blue-secondary\">\n                    <span class=\"d-inline-flex me-3\">\n                                <span class=\"cats-meta__item\">Sites historiques<\/span>\n            <\/span>\n            <\/div>\n                                <h3 class=\"mb-3\">\u00c9glise historique de Ritthem<\/h3>\n                                    <div class=\"text--wrapper\">L'\u00e9glise historique de Ritthem est un monument particulier et apaisant dans l'un des plus anciens villages de Z\u00e9lande.<\/div>\n                \n                <div class=\"link-arrow mt-4 color-blue-secondary\">\n                    <span class=\"me-4\">\n                <i class=\"icon icon-arrow-right\" aria-hidden=\"true\"><\/i>\n            <\/span>\n        \n                    <span>Regarder ce spot<\/span>\n            <\/div>\n            <\/div>\n        <\/div>\n    <\/a>\n<\/article>\n\n                        <\/div>\n                                                                                            <div \n                            class=\"popup-content floorplan-content-14\" \n                            data-spot-url=\"https:\/\/visitvlissingen.nl\/fr\/plan-je-bezoek\/station-vlissingen\/\" \n                        >\n                            <article class=\"spot-item theme-bottom-right-triangle\">\n    <a class=\"d-block\" tabindex=\"0\" href=\"https:\/\/visitvlissingen.nl\/fr\/plan-je-bezoek\/station-vlissingen\/\" aria-label=\"Regarder ce spot\">\n                    <figure class=\"image spot-item__image scale-on-hover\">\n                <img decoding=\"async\" class=\"image-position--center\" src=\"https:\/\/visitvlissingen.nl\/wp-content\/uploads\/2026\/01\/DSC8140-x-trein-station-vlissingen.jpg\" alt=\"\"  loading=\"lazy\">\n            <\/figure>\n                <div class=\"spot-item__content p-6 flex-grow-1\">\n            <div>\n                                <h3 class=\"mb-3\">Gare de Flushing<\/h3>\n                                    <div class=\"text--wrapper\">La gare de Vlissingen est le point de d\u00e9part ou d'arriv\u00e9e de votre voyage en train \u00e0 Vlissingen.<\/div>\n                \n                <div class=\"link-arrow mt-4 color-blue-secondary\">\n                    <span class=\"me-4\">\n                <i class=\"icon icon-arrow-right\" aria-hidden=\"true\"><\/i>\n            <\/span>\n        \n                    <span>Regarder ce spot<\/span>\n            <\/div>\n            <\/div>\n        <\/div>\n    <\/a>\n<\/article>\n\n                        <\/div>\n                                                                                            <div \n                            class=\"popup-content floorplan-content-15\" \n                            data-spot-url=\"https:\/\/visitvlissingen.nl\/fr\/spots\/uncle-beach\/\" \n                        >\n                            <article class=\"spot-item theme-bottom-right-triangle\">\n    <a class=\"d-block\" tabindex=\"0\" href=\"https:\/\/visitvlissingen.nl\/fr\/spots\/uncle-beach\/\" aria-label=\"Regarder ce spot\">\n                    <figure class=\"image spot-item__image scale-on-hover\">\n                <img decoding=\"async\" class=\"image-position--center\" src=\"https:\/\/visitvlissingen.nl\/wp-content\/uploads\/2025\/04\/038_D4X0339-bew-uncle-beach.jpg\" alt=\"\"  loading=\"lazy\">\n            <\/figure>\n                <div class=\"spot-item__content p-6 flex-grow-1\">\n            <div>\n                                    <div class=\"cats-meta mb-3 color-blue-secondary\">\n                    <span class=\"d-inline-flex me-3\">\n                                <span class=\"cats-meta__item\">Sites historiques<\/span>\n            <\/span>\n            <\/div>\n                                <h3 class=\"mb-3\">Oncle Beach<\/h3>\n                                    <div class=\"text--wrapper\">Uncle Beach est un site historique d'une grande importance pour la lib\u00e9ration des Pays-Bas pendant la Seconde Guerre mondiale. <\/div>\n                \n                <div class=\"link-arrow mt-4 color-blue-secondary\">\n                    <span class=\"me-4\">\n                <i class=\"icon icon-arrow-right\" aria-hidden=\"true\"><\/i>\n            <\/span>\n        \n                    <span>Regarder ce spot<\/span>\n            <\/div>\n            <\/div>\n        <\/div>\n    <\/a>\n<\/article>\n\n                        <\/div>\n                                                                                            <div \n                            class=\"popup-content floorplan-content-16\" \n                            data-spot-url=\"https:\/\/visitvlissingen.nl\/fr\/spots\/de-oranjemolen\/\" \n                        >\n                            <article class=\"spot-item theme-bottom-right-triangle\">\n    <a class=\"d-block\" tabindex=\"0\" href=\"https:\/\/visitvlissingen.nl\/fr\/spots\/de-oranjemolen\/\" aria-label=\"Regarder ce spot\">\n                    <figure class=\"image spot-item__image scale-on-hover\">\n                <img decoding=\"async\" class=\"image-position--center\" src=\"https:\/\/visitvlissingen.nl\/wp-content\/uploads\/2025\/04\/030_D4X9738-bew-oranje-molen.jpg\" alt=\"\"  loading=\"lazy\">\n            <\/figure>\n                <div class=\"spot-item__content p-6 flex-grow-1\">\n            <div>\n                                    <div class=\"cats-meta mb-3 color-blue-secondary\">\n                    <span class=\"d-inline-flex me-3\">\n                                <span class=\"cats-meta__item\">Sites historiques<\/span>\n            <\/span>\n            <\/div>\n                                <h3 class=\"mb-3\">Le Moulin \u00e0 Orange<\/h3>\n                                    <div class=\"text--wrapper\">Le moulin d'Oranjemolen, situ\u00e9 sur les rives de l'Escaut occidental \u00e0 Flessingue, est l'un des plus anciens et des plus embl\u00e9matiques des Pays-Bas. <\/div>\n                \n                <div class=\"link-arrow mt-4 color-blue-secondary\">\n                    <span class=\"me-4\">\n                <i class=\"icon icon-arrow-right\" aria-hidden=\"true\"><\/i>\n            <\/span>\n        \n                    <span>Regarder ce spot<\/span>\n            <\/div>\n            <\/div>\n        <\/div>\n    <\/a>\n<\/article>\n\n                        <\/div>\n                                                                                            <div \n                            class=\"popup-content floorplan-content-17\" \n                            data-spot-url=\"https:\/\/visitvlissingen.nl\/fr\/spots\/sint-jacobskerk\/\" \n                        >\n                            <article class=\"spot-item theme-bottom-right-triangle\">\n    <a class=\"d-block\" tabindex=\"0\" href=\"https:\/\/visitvlissingen.nl\/fr\/spots\/sint-jacobskerk\/\" aria-label=\"Regarder ce spot\">\n                    <figure class=\"image spot-item__image scale-on-hover\">\n                <img decoding=\"async\" class=\"image-position--center\" src=\"https:\/\/visitvlissingen.nl\/wp-content\/uploads\/2025\/03\/Cultuurpodium-Sint-Jacobskerk-2.jpg\" alt=\"\"  loading=\"lazy\">\n            <\/figure>\n                <div class=\"spot-item__content p-6 flex-grow-1\">\n            <div>\n                                    <div class=\"cats-meta mb-3 color-blue-secondary\">\n                    <span class=\"d-inline-flex me-3\">\n                                <span class=\"cats-meta__item\">Sites historiques<\/span>\n            <\/span>\n            <\/div>\n                                <h3 class=\"mb-3\">\u00c9glise Saint-Jacques<\/h3>\n                                    <div class=\"text--wrapper\">Sint Jacobskerk, situ\u00e9e sur la Oude Markt \u00e0 Flessingue, est une \u00e9glise monumentale dont l'histoire remonte au XIVe si\u00e8cle. <\/div>\n                \n                <div class=\"link-arrow mt-4 color-blue-secondary\">\n                    <span class=\"me-4\">\n                <i class=\"icon icon-arrow-right\" aria-hidden=\"true\"><\/i>\n            <\/span>\n        \n                    <span>Regarder ce spot<\/span>\n            <\/div>\n            <\/div>\n        <\/div>\n    <\/a>\n<\/article>\n\n                        <\/div>\n                                                <\/div>\n            <div class=\"container px-5 px-lg-8\">\n                <div class=\"mb-5\">\n                                        <div class=\"row\">\n                        <div class=\"col-auto\">\n                            <div class=\"d-flex align-items-center\">\n                                <svg display=\"block\" height=\"41px\" width=\"27px\" viewbox=\"0 0 27 41\"><defs><radialgradient id=\"shadowGradient\"><stop offset=\"10%\" stop-opacity=\"0.4\"><\/stop><stop offset=\"100%\" stop-opacity=\"0.05\"><\/stop><\/radialgradient><\/defs><ellipse cx=\"13.5\" cy=\"34.8\" rx=\"10.5\" ry=\"5.25\" fill=\"url(#shadowGradient)\"><\/ellipse><path fill=\"#327E1B\" d=\"M27,13.5C27,19.07 20.25,27 14.75,34.5C14.02,35.5 12.98,35.5 12.25,34.5C6.75,27 0,19.22 0,13.5C0,6.04 6.04,0 13.5,0C20.96,0 27,6.04 27,13.5Z\"><\/path><path opacity=\"0.25\" d=\"M13.5,0C6.04,0 0,6.04 0,13.5C0,19.22 6.75,27 12.25,34.5C13,35.52 14.02,35.5 14.75,34.5C20.25,27 27,19.07 27,13.5C27,6.04 20.96,0 13.5,0ZM13.5,1C20.42,1 26,6.58 26,13.5C26,15.9 24.5,19.18 22.22,22.74C19.95,26.3 16.71,30.14 13.94,33.91C13.74,34.18 13.61,34.32 13.5,34.44C13.39,34.32 13.26,34.18 13.06,33.91C10.28,30.13 7.41,26.31 5.02,22.77C2.62,19.23 1,15.95 1,13.5C1,6.58 6.58,1 13.5,1Z\"><\/path><circle fill=\"white\" cx=\"13.5\" cy=\"13.5\" r=\"5.5\"><\/circle><\/svg>\n                                <span class=\"ms-3\">D\u00e9but de l'itin\u00e9raire de marche<\/span>\n                            <\/div>\n                        <\/div>\n                        <div class=\"col-auto\">\n                            <div class=\"d-flex align-items-center\">\n                                <svg display=\"block\" height=\"41px\" width=\"27px\" viewbox=\"0 0 27 41\"><defs><radialgradient id=\"shadowGradient\"><stop offset=\"10%\" stop-opacity=\"0.4\"><\/stop><stop offset=\"100%\" stop-opacity=\"0.05\"><\/stop><\/radialgradient><\/defs><ellipse cx=\"13.5\" cy=\"34.8\" rx=\"10.5\" ry=\"5.25\" fill=\"url(#shadowGradient)\"><\/ellipse><path fill=\"#EB1414\" d=\"M27,13.5C27,19.07 20.25,27 14.75,34.5C14.02,35.5 12.98,35.5 12.25,34.5C6.75,27 0,19.22 0,13.5C0,6.04 6.04,0 13.5,0C20.96,0 27,6.04 27,13.5Z\"><\/path><path opacity=\"0.25\" d=\"M13.5,0C6.04,0 0,6.04 0,13.5C0,19.22 6.75,27 12.25,34.5C13,35.52 14.02,35.5 14.75,34.5C20.25,27 27,19.07 27,13.5C27,6.04 20.96,0 13.5,0ZM13.5,1C20.42,1 26,6.58 26,13.5C26,15.9 24.5,19.18 22.22,22.74C19.95,26.3 16.71,30.14 13.94,33.91C13.74,34.18 13.61,34.32 13.5,34.44C13.39,34.32 13.26,34.18 13.06,33.91C10.28,30.13 7.41,26.31 5.02,22.77C2.62,19.23 1,15.95 1,13.5C1,6.58 6.58,1 13.5,1Z\"><\/path><circle fill=\"white\" cx=\"13.5\" cy=\"13.5\" r=\"5.5\"><\/circle><\/svg>\n                                <span class=\"ms-3\">Fin de l'itin\u00e9raire de marche<\/span>\n                            <\/div>\n                        <\/div>\n                    <\/div>\n                <\/div>\n                <div class=\"row\">\n                    <div class=\"col-xxxl-4 col-xxl-4 col-xl-5 order-last order-xl-first\">\n                        <div class=\"marker-content-container\"><\/div>\n                    <\/div>\n                    <div class=\"col-xxxl-7 col-xxl-8 col-xl-7 offset-xxxl-1 mb-6 mb-xl-0\">\n                        <div\n                            class=\"mapbox-wrapper\"\n                            data-map-color=\"default\"\n                            data-map-zoom=\"17\"\n                            data-directions-url=\"https:\/\/api.mapbox.com\/directions\/v5\/mapbox\/cycling\/3.57333%2C51.44231%3B3.574982%2C51.439701%3B3.575258%2C51.439755%3B3.551997%2C51.449163%3B3.55121%2C51.450684%3B3.5487%2C51.455084%3B3.565978%2C51.44758%3B3.578592%2C51.445273%3B3.579173%2C51.445195%3B3.582739%2C51.446242%3B3.604278%2C51.463219%3B3.640702%2C51.454124%3B3.654195%2C51.4526%3B3.626033%2C51.452325%3B3.595707%2C51.444015%3B3.581283%2C51.440293%3B3.580621%2C51.44059%3B3.574304%2C51.442712?alternatives=false&#038;continue_straight=true&#038;geometries=geojson&#038;language=en&#038;overview=full&#038;steps=true\"\n                        ><\/div>\n                    <\/div>\n                <\/div>\n            <\/div>\n        <\/div>\n    <\/section>\n\n\n<section class=\"block block--text\">\n        <div class=\"container px-5 px-lg-8\">\n            <div class=\"row justify-content-center\">\n                <div class=\"col-xxl-10\">\n                                            <div class=\"row justify-content-center\">\n                            <div class=\"col-xxxl-7 col-xxl-8 col-xl-9\">\n                                                                                                    <div class=\"text-wrapper\"><p>Commencez votre itin\u00e9raire sur le vif<strong> <a href=\"https:\/\/visitvlissingen.nl\/fr\/spots\/het-bellamypark\/\">Bellamypark<\/a><\/strong>L'h\u00f4tel est entour\u00e9 de terrasses accueillantes. Depuis le c\u0153ur de la ville, p\u00e9dalez en direction de la promenade, o\u00f9 vous trouverez le centre historique de la ville. <a href=\"https:\/\/visitvlissingen.nl\/fr\/spots\/kazematten-tijdelijk-gesloten\/\"><strong>Casemates<\/strong><\/a> La rencontre avec le ch\u00e2teau de Vlissingen, un vestige des anciennes fortifications de la ville. Ces impressionnants couloirs et murs, construits pour prot\u00e9ger la ville, donnent imm\u00e9diatement une id\u00e9e de la longue histoire de ce lieu. Un peu plus loin, vous trouverez la statue de <strong><a href=\"https:\/\/visitvlissingen.nl\/fr\/spots\/standbeeld-michiel-de-ruyter\/\">Michiel de Ruyter<\/a><\/strong>L'un des h\u00e9ros navals les plus c\u00e9l\u00e8bres des Pays-Bas, qui domine le monde de la marine. <strong>Escaut occidental<\/strong>Il est pr\u00eat \u00e0 prot\u00e9ger sa ville.<\/p>\n<p>\u00c0 partir de la statue, continuez \u00e0 suivre le chemin en direction de l'unique <a href=\"https:\/\/visitvlissingen.nl\/fr\/spots\/windorgel\/\"><strong>Orgue \u00e0 vent<\/strong><\/a>. Cette \u0153uvre d'art joue avec le vent, emplissant l'air de sons doux et changeants, selon sa force et sa direction. Vous continuez ensuite \u00e0 v\u00e9lo sur les dunes, le long du <a href=\"https:\/\/visitvlissingen.nl\/fr\/spots\/nollestrand\/\">Plage de Nolle<\/a>, avec la brise marine, esp\u00e9rons-le, dans le dos et avec vue sur le littoral \u00e9tendu.<\/p>\n<p>Apr\u00e8s les dunes, vous arrivez au calme <a href=\"https:\/\/visitvlissingen.nl\/fr\/spots\/nollebos\/\"><strong>Nollebos<\/strong><\/a>Le sentier des dunes est une for\u00eat et une zone de loisirs appr\u00e9ci\u00e9e par les habitants et les visiteurs. Ici, vous avez le choix : traverser la for\u00eat \u00e0 v\u00e9lo pour profiter de la verdure et du chant des oiseaux, ou emprunter le sentier qui passe sous les dunes pour revenir vers la ville.<\/p>\n<p>Lorsque vous voyez le <a href=\"https:\/\/visitvlissingen.nl\/fr\/spots\/nollebos\/\"><strong>Nollebos<\/strong><\/a> En partant, vous revenez en ville \u00e0 v\u00e9lo et vous passez devant l'\u00e9glise caract\u00e9ristique de la ville. <a href=\"https:\/\/visitvlissingen.nl\/fr\/spots\/watertoren-vlissingen\/\"><strong>Ch\u00e2teau d'eau<\/strong><\/a>. Ce point culminant de l'architecture vous conduit \u00e0 l'imposant <strong>H\u00f4tel de ville<\/strong> <strong>de Vlissingen<\/strong>Un b\u00e2timent qui est au service de la ville depuis des si\u00e8cles. Vous traverserez ensuite le <a href=\"https:\/\/visitvlissingen.nl\/fr\/hotspot\/scheldestraat\/\"><strong>Rue de l'Escaut<\/strong><\/a> vers le <a href=\"https:\/\/visitvlissingen.nl\/fr\/hotspot\/scheldekwartier\/\"><strong>Quartier de l'Escaut<\/strong><\/a>. Ici, la ville semble moderne et en pleine transformation, avec une alternance de nouveaux d\u00e9veloppements et de b\u00e2timents historiques du chantier naval.<\/p>\n<\/div>\n                                                                                            <\/div>\n                        <\/div>\n                    \n                <\/div>\n            <\/div>\n        <\/div>\n    <\/section>\n\n\n<section class=\"block block--image-slider\">\n            <div class=\"container px-5 px-lg-8\">\n                <div class=\"row justify-content-center\">\n                    <div class=\"col-xxl-10\">\n                        <div class=\"block--image-slider__swiper swiper-container swiper-box\">\n                            <div class=\"swiper-wrapper\">\n                                                                                                            <div class=\"swiper-slide\">\n                                            <figure class=\"d-flex align-items-center justify-content-center image block--image-slider__swiper__img\">\n                                                <img decoding=\"async\" class=\"image-position--center\" src=\"https:\/\/visitvlissingen.nl\/wp-content\/uploads\/2025\/03\/D4X4737-x-Timmerfabriek-bewwit.jpg\" loading=\"lazy\" alt=\"\">\n\n                                                                                                                                                    <div class=\"block--image-slider__swiper__img__right\">\n                                                        <svg preserveaspectratio=\"none\" viewbox=\"0 0 55 560\" class=\"h-100\" fill=\"none\" xmlns=\"http:\/\/www.w3.org\/2000\/svg\">\n        <path d=\"M39.1165 141L0 141L0 100.11L12.9063 0L42.2916 0L55 100.11L55 141L39.1165 141Z\" fill=\"#0D3A3E\"\/>\n        <path d=\"M39.1165 420L0 420L0 379.4L12.9063 280L42.2916 280L55 379.4L55 420L39.1165 420Z\" fill=\"#0D3A3E\"\/>\n        <path d=\"M39.1165 141L0 141L0 181.6L12.9063 281L42.2916 281L55 181.6L55 141L39.1165 141Z\" fill=\"#0D3A3E\"\/>\n        <path d=\"M39.1165 419L0 419L0 459.89L12.9063 560L42.2916 560L55 459.89L55 419L39.1165 419Z\" fill=\"#0D3A3E\"\/>\n    <\/svg>\n                                                    <\/div>\n                                                                                            <\/figure>\n                                        <\/div>\n                                                                                                                                                <div class=\"swiper-slide\">\n                                            <figure class=\"d-flex align-items-center justify-content-center image block--image-slider__swiper__img\">\n                                                <img decoding=\"async\" class=\"image-position--center\" src=\"https:\/\/visitvlissingen.nl\/wp-content\/uploads\/2025\/02\/scheldekwartier_vlissingen.webp\" loading=\"lazy\" alt=\"\">\n\n                                                                                                    <div class=\"block--map-images__swiper__img__left\">\n                                                        <svg preserveaspectratio=\"none\" viewbox=\"0 0 56 561\" class=\"h-100\" fill=\"none\" xmlns=\"http:\/\/www.w3.org\/2000\/svg\">\n        <path d=\"M39.8277 280L0 280L0 320.6L13.141 420L43.0605 420L56 320.6L56 280L39.8277 280Z\" fill=\"#0D3A3E\"\/>\n        <path d=\"M39.8277 280L0 280L0 239.4L13.141 140L43.0605 140L56 239.4L56 280L39.8277 280Z\" fill=\"#0D3A3E\"\/>\n        <path d=\"M39.8277 561H0L0 520.11L13.141 420L43.0605 420L56 520.11L56 561L39.8277 561Z\" fill=\"#0D3A3E\"\/>\n        <path d=\"M39.8277 0L0 0L0 40.8905L13.141 141L43.0605 141L56 40.8905L56 0L39.8277 0Z\" fill=\"#0D3A3E\"\/>\n    <\/svg>\n                                                    <\/div>\n                                                                                                                                            <\/figure>\n                                        <\/div>\n                                                                                                <\/div>\n                            <div class=\"swiper-controls d-flex justify-content-end mt-4 color-blue-secondary\">\n    <button tabindex=\"0\" type=\"button\" class=\"me-3 swiper-button swiper-button--prev block--image-slider__nav block--image-slider__nav-swiper-button--prev\" aria-label=\"Diapositive pr\u00e9c\u00e9dente\">\n        <div class=\"link-arrow\">\n                    <span class=\"\">\n                <i class=\"icon icon-arrow-left\" aria-hidden=\"true\"><\/i>\n            <\/span>\n        \n            <\/div>\n    <\/button>\n    <button tabindex=\"0\" type=\"button\" class=\"swiper-button swiper-button--next block--image-slider__nav block--image-slider__nav-swiper-button--next\" aria-label=\"Diapositive suivante\">\n        <div class=\"link-arrow\">\n                    <span class=\"\">\n                <i class=\"icon icon-arrow-right\" aria-hidden=\"true\"><\/i>\n            <\/span>\n        \n            <\/div>\n    <\/button>\n<\/div>\n                        <\/div>\n                    <\/div>\n                <\/div>\n            <\/div>\n        <\/section>\n    \n\n<section class=\"block block--text-quote\">\n        <div class=\"container px-5 px-lg-8\">\n            <div class=\"row justify-content-center\">\n                <div class=\"col-xxl-10\">\n                    <div class=\"row\">\n                        <div class=\"col-xxxl-5 col-lg-6 mb-7 mb-lg-0\">\n                            <div class=\"pe-lg-6 pe-xl-0\">\n                                                                                                    <div class=\"text-wrapper\"><p>Le quai Jan Weug permet de passer devant l'imposant b\u00e2timent de l'Union europ\u00e9enne. <a href=\"https:\/\/visitvlissingen.nl\/fr\/spots\/de-scheldekraan\/\"><strong>Grue de l'Escaut<\/strong><\/a> et le grand b\u00e2timent de caract\u00e8re <a href=\"https:\/\/visitvlissingen.nl\/fr\/spots\/de-machinefabriek\/\"><strong>Usine de fabrication de machines<\/strong><\/a>. Ces monuments industriels rappellent l'apog\u00e9e de la construction navale \u00e0 Flessingue et l'\u00e9poque o\u00f9 la Compagnie royale de l'Escaut y \u00e9tait \u00e9tablie.<\/p>\n<p>Apr\u00e8s un trajet rapide, il est temps de faire une pause-caf\u00e9 dans l'h\u00f4tel. <a href=\"https:\/\/visitvlissingen.nl\/fr\/spots\/timmerfabriek\/\"><strong>Usine de menuiserie<\/strong><\/a>. Cette ancienne usine a \u00e9t\u00e9 transform\u00e9e en un lieu d'accueil branch\u00e9 o\u00f9 l'on peut d\u00e9guster une tasse de caf\u00e9 et des p\u00e2tisseries fra\u00eeches dans un cadre frais et industriel - un endroit id\u00e9al pour faire une pause.<\/p>\n<p>Apr\u00e8s la pause, vous continuez \u00e0 faire du v\u00e9lo et traversez le pont en direction de <strong>Oost-Souburg<\/strong>Un village charg\u00e9 d'histoire. C'est ici que la <a href=\"https:\/\/visitvlissingen.nl\/fr\/spots\/karolingische-burg\/\"><strong>Burg carolingien<\/strong><\/a>Le site est une forteresse circulaire datant du 9e si\u00e8cle et l'une des rares fortifications d\u00e9fensives de ce type qui subsistent aux Pays-Bas. Ce site offre un aper\u00e7u unique du pass\u00e9 de la r\u00e9gion.<\/p>\n<p>Vous continuez \u00e0 p\u00e9daler jusqu'\u00e0 <strong>Ritthem<\/strong> et la belle <a href=\"https:\/\/visitvlissingen.nl\/fr\/spots\/ritthemse-bos\/\"><strong>For\u00eat de Ritthem<\/strong><\/a>Vous pouvez y laisser l'agitation de la ville derri\u00e8re vous et profiter de la paix et de la nature. De la for\u00eat, vous arrivez \u00e0 <a href=\"https:\/\/visitvlissingen.nl\/fr\/spots\/fort-rammekens\/\"><strong>Fort Rammekens<\/strong><\/a>Il s'agit du plus ancien fort maritime d'Europe. Gr\u00e2ce \u00e0 sa situation sur la <strong>Escaut occidental<\/strong> et son pass\u00e9 strat\u00e9gique, c'est un lieu impressionnant et charg\u00e9 d'histoire.<\/p>\n<p>De <strong>Fort Rammekens <\/strong>v\u00e9lo tu le long <strong><a href=\"https:\/\/visitvlissingen.nl\/fr\/spots\/historische-kerk-van-ritthem\/\">l'\u00c9glise historique de Ritthem<\/a><\/strong> retour vers <a href=\"https:\/\/visitvlissingen.nl\/fr\/spots\/station-vlissingen\/\"><strong>Gare de Flushing<\/strong><\/a>o\u00f9 l'on a une vue sur la <strong>Escaut occidental<\/strong>. Apr\u00e8s avoir franchi les \u00e9cluses, vous p\u00e9dalez le long de <strong><a href=\"https:\/\/visitvlissingen.nl\/fr\/spots\/groene-boulevard\/\">Le Boulevard Vert<\/a><\/strong> \u2013 un itin\u00e9raire tranquille le long du littoral qui offre une vue panoramique sur l'eau et la ville.<\/p>\n<p>A l'historique <a href=\"https:\/\/visitvlissingen.nl\/fr\/spots\/de-oranjemolen\/\"><strong>Moulin \u00e0 Orange<\/strong><\/a> et <a href=\"https:\/\/visitvlissingen.nl\/fr\/spots\/uncle-beach\/\"><strong>Oncle Beach<\/strong><\/a> vous arrivez dans un lieu qui a jou\u00e9 un r\u00f4le important pendant la Seconde Guerre mondiale. C'est ici que les Alli\u00e9s ont d\u00e9barqu\u00e9 lors de la bataille de l'Escaut. Continuez la route le long de <strong>Tour Arsenal<\/strong>Le mus\u00e9e est un point de rep\u00e8re embl\u00e9matique qui \u00e9voque le pass\u00e9 maritime de Flessingue.<\/p>\n<p>En conclusion, le cycle de la <a href=\"https:\/\/visitvlissingen.nl\/fr\/spots\/sint-jacobskerk\/\"><strong>\u00c9glise Saint-Jacques<\/strong><\/a>La visite se termine par la visite d'une \u00e9glise gothique impressionnante dans la vieille ville. Terminez votre visite par le <strong>Ancien march\u00e9<\/strong>Vous pourrez vous installer sur l'une des terrasses et vous rem\u00e9morer une journ\u00e9e riche en d\u00e9couvertes \u00e0 Vlissingen.<\/p>\n<\/div>\n                                           \n                                                            <\/div>\n                        <\/div>\n                        <div class=\"col-xl-5 col-lg-6 offset-xxxl-2 offset-xl-1\">\n                            <div class=\"featured-quote featured-quote--single\">\n        <div class=\"featured-quote__content z-1 p-9 px-lg-9 py-lg-10\">\n            <h3 class=\"text-center z-1 mb-0 color-blue-secondary\">\"C'est une route tranquille qui offre une vue sur l'eau et la ville.<\/h3>\n        <\/div>\n\n        <div class=\"featured-quote__svg\">\n            <svg preserveaspectratio=\"none\" viewbox=\"0 0 583 785\" class=\"h-100 w-100\" fill=\"none\" xmlns=\"http:\/\/www.w3.org\/2000\/svg\">\n    <path d=\"M56.848 392.018H0V449.142L18.7568 588.994H61.4623L79.9314 449.142V392.018H56.848Z\" fill=\"#0A2E32\"\/>\n    <path d=\"M56.848 392.985H0V335.862L18.7568 196.01H61.4623L79.9314 335.862V392.985H56.848Z\" fill=\"#0A2E32\"\/>\n    <path d=\"M56.848 785H0V727.876L18.7568 588.024H61.4623L79.9314 727.876V785H56.848Z\" fill=\"#0A2E32\"\/>\n    <path d=\"M344.107 0H287.259V57.1236L306.016 196.976H348.721L367.19 57.1236V0H344.107Z\" fill=\"#0A2E32\"\/>\n    <path d=\"M344.107 392.018H287.259V449.142L306.016 588.994H348.721L367.19 449.142V392.018H344.107Z\" fill=\"#0A2E32\"\/>\n    <path d=\"M344.107 392.985H287.259V335.862L306.016 196.01H348.721L367.19 335.862V392.985H344.107Z\" fill=\"#0A2E32\"\/>\n    <path d=\"M344.107 785H287.259V727.876L306.016 588.024H348.721L367.19 727.876V785H344.107Z\" fill=\"#0A2E32\"\/>\n    <path d=\"M200.994 0H144.146V57.1236L162.903 196.976H205.609L224.078 57.1236V0H200.994Z\" fill=\"#0A2E32\"\/>\n    <path d=\"M200.994 392.018H144.146V449.142L162.903 588.994H205.609L224.078 449.142V392.018H200.994Z\" fill=\"#0A2E32\"\/>\n    <path d=\"M200.994 392.985H144.146V335.862L162.903 196.01H205.609L224.078 335.862V392.985H200.994Z\" fill=\"#0A2E32\"\/>\n    <path d=\"M200.994 785H144.146V727.876L162.903 588.024H205.609L224.078 727.876V785H200.994Z\" fill=\"#0A2E32\"\/>\n    <path d=\"M488.251 0H431.403V57.1236L450.16 196.976H492.865L511.334 57.1236V0H488.251Z\" fill=\"#0A2E32\"\/>\n    <path d=\"M488.251 392.018H431.403V449.142L450.16 588.994H492.865L511.334 449.142V392.018H488.251Z\" fill=\"#0A2E32\"\/>\n    <path d=\"M488.251 392.985H431.403V335.862L450.16 196.01H492.865L511.334 335.862V392.985H488.251Z\" fill=\"#0A2E32\"\/>\n    <path d=\"M488.251 785H431.403V727.876L450.16 588.024H492.865L511.334 727.876V785H488.251Z\" fill=\"#0A2E32\"\/>\n    <path d=\"M128.513 196.976H71.6655V139.852L90.4223 0H133.128L151.597 139.852V196.976H128.513Z\" fill=\"#0A2E32\"\/>\n    <path d=\"M128.513 588.994H71.6655V531.87L90.4223 392.018H133.128L151.597 531.87V588.994H128.513Z\" fill=\"#0A2E32\"\/>\n    <path d=\"M128.513 196.01H71.6655V253.133L90.4223 392.985H133.128L151.597 253.133V196.01H128.513Z\" fill=\"#0A2E32\"\/>\n    <path d=\"M128.513 588.024H71.6655V645.148L90.4223 785H133.128L151.597 645.148V588.024H128.513Z\" fill=\"#0A2E32\"\/>\n    <path d=\"M415.77 196.976H358.922V139.852L377.679 0H420.384L438.853 139.852V196.976H415.77Z\" fill=\"#0A2E32\"\/>\n    <path d=\"M415.77 588.994H358.922V531.87L377.679 392.018H420.384L438.853 531.87V588.994H415.77Z\" fill=\"#0A2E32\"\/>\n    <path d=\"M415.77 196.01H358.922V253.133L377.679 392.985H420.384L438.853 253.133V196.01H415.77Z\" fill=\"#0A2E32\"\/>\n    <path d=\"M415.77 588.024H358.922V645.148L377.679 785H420.384L438.853 645.148V588.024H415.77Z\" fill=\"#0A2E32\"\/>\n    <path d=\"M272.658 196.976H215.81V139.852L234.566 0H277.272L295.741 139.852V196.976H272.658Z\" fill=\"#0A2E32\"\/>\n    <path d=\"M272.658 588.994H215.81V531.87L234.566 392.018H277.272L295.741 531.87V588.994H272.658Z\" fill=\"#0A2E32\"\/>\n    <path d=\"M272.658 196.01H215.81V253.133L234.566 392.985H277.272L295.741 253.133V196.01H272.658Z\" fill=\"#0A2E32\"\/>\n    <path d=\"M272.658 588.024H215.81V645.148L234.566 785H277.272L295.741 645.148V588.024H272.658Z\" fill=\"#0A2E32\"\/>\n    <path d=\"M559.917 196.976H503.069V139.852L521.825 0H564.531L583 139.852V196.976H559.917Z\" fill=\"#0A2E32\"\/>\n    <path d=\"M559.917 588.994H503.069V531.87L521.825 392.018H564.531L583 531.87V588.994H559.917Z\" fill=\"#0A2E32\"\/>\n    <path d=\"M559.917 196.01H503.069V253.133L521.825 392.985H564.531L583 253.133V196.01H559.917Z\" fill=\"#0A2E32\"\/>\n    <path d=\"M559.917 588.024H503.069V645.148L521.825 785H564.531L583 645.148V588.024H559.917Z\" fill=\"#0A2E32\"\/>\n    <path d=\"M56.848 0H0V57.1236L18.7568 196.976H61.4623L79.9314 57.1236V0H56.848Z\" fill=\"#0A2E32\"\/>\n<\/svg>\n        <\/div>\n    <\/div>\n                        <\/div>\n                    <\/div>\n                <\/div>\n            <\/div>\n        <\/div>\n    <\/section>\n\n\n<section class=\"block block--events-archive\">\n        \n        <div class=\"archive-block archive-events\">\n            <input type=\"hidden\" value=\"color-blue-secondary\" name=\"archive_color_scheme\">\n               \n                <input type=\"hidden\" value=\"both\" name=\"type_events\">\n            \n            <!-- Filters -->\n            <div class=\"archive__filter block d-none\">\n                <div class=\"container px-5 px-lg-8\">\n                    <div class=\"row gx-lg-8\">\n                        <div class=\"col-xl-4 mb-5 mb-xl-0\">\n                            <div class=\"row gx-md-8\">\n                                <div class=\"col-12\">\n                                    <h2 class=\"mb-4\">Que faire ?<\/h2>\n                                <\/div>\n                                <div class=\"col-12\">\n                                    <div \n                                    x-data=\"{ open: false }\" \n                                    @click.outside=\"open = false\" \n                                    class=\"select-filter\">\n                                        <div \n                                            class=\"select-filter__button pe-1\" \n                                            role=\"button\" \n                                            aria-haspopup=\"true\" \n                                            aria-expanded=\"false\" \n                                            aria-label=\"Choisir un type d&#039;activit\u00e9\"\n                                            tabindex=\"0\"\n                                            @click=\"open = !open\" \n                                            @keydown.enter=\"open = !open\" \n                                            @keydown.space.prevent=\"open = !open\"\n                                            :aria-expanded=\"open.toString()\">\n                                            <span>Type d'activit\u00e9<\/span>\n                                            <i class=\"icon-menu-angle icon-menu-angle--down color-blue-secondary\" aria-hidden=\"true\"><\/i>\n                                        <\/div>\n                                        <div \n                                            class=\"select-filter__options\" \n                                            x-show=\"open\" \n                                            @keydown.escape=\"open = false\"\n                                            :aria-hidden=\"(!open).toString()\">\n                                            <ul class=\"archive__filter__cats\"><\/ul> \n                                        <\/div>\n                                    <\/div>\n                                <\/div>\n                            <\/div>\n                        <\/div>\n                        <div class=\"col-xl-8\" id=\"selectDate\">\n                            <div class=\"row gx-md-8\">\n                                <div class=\"col-12\">\n                                    <h2 class=\"mb-4\">A quelle \u00e9poque ?<\/h2>\n                                <\/div>\n                                <div class=\"col-12\">\n                                    <div class=\"row gx-8\">\n                                        <div class=\"col-auto\">\n                                            <div \n                                                x-data=\"{ open: false }\" \n                                                @click.outside=\"open = false\" \n                                                class=\"select-filter\">\n                                                <div \n                                                    class=\"select-filter__button pe-1\" \n                                                    role=\"button\" \n                                                    aria-haspopup=\"true\" \n                                                    aria-expanded=\"false\" \n                                                    aria-label=\"Choisir un type d&#039;activit\u00e9\"\n                                                    tabindex=\"0\"\n                                                    @click=\"open = !open\" \n                                                    @keydown.enter=\"open = !open\" \n                                                    @keydown.space.prevent=\"open = !open\"\n                                                    :aria-expanded=\"open.toString()\">\n                                                    <span>P\u00e9riode<\/span>\n                                                    <i class=\"icon-menu-angle icon-menu-angle--down color-blue-secondary\" aria-hidden=\"true\"><\/i>\n                                                <\/div>\n                                                <div \n                                                    class=\"select-filter__options\" \n                                                    x-show=\"open\" \n                                                    @keydown.escape=\"open = false\"\n                                                    :aria-hidden=\"(!open).toString()\">\n                                                    <ul class=\"select-filter__options__dates\">\n                                                        <li>\n                                                            <label class=\"select-filter__options__dates__item custom-label my-3\" for=\"date-today\">\n                                                                <input tabindex=\"0\" autocomplete=\"off\" type=\"checkbox\" value=\"today\" id=\"date-today\" \/>\n                                                                <span>Aujourd'hui<\/span>\n                                                            <\/label>\n                                                        <\/li>\n                                                        <li>\n                                                            <label class=\"select-filter__options__dates__item custom-label my-3\" for=\"date-tomorrow\">\n                                                                <input tabindex=\"0\" autocomplete=\"off\" type=\"checkbox\" value=\"tomorrow\" id=\"date-tomorrow\" \/>\n                                                                <span>Demain<\/span>\n                                                            <\/label>\n                                                        <\/li>\n                                                        <li>\n                                                            <label class=\"select-filter__options__dates__item custom-label my-3\" for=\"date-thisweekend\">\n                                                                <input tabindex=\"0\" autocomplete=\"off\" type=\"checkbox\" value=\"thisweekend\" id=\"date-thisweekend\" \/>\n                                                                <span>Week-end \u00e0 venir<\/span>\n                                                            <\/label>\n                                                        <\/li>\n                                                        <li>\n                                                            <label class=\"select-filter__options__dates__item custom-label my-3\" for=\"date-next7days\">\n                                                                <input tabindex=\"0\" autocomplete=\"off\" type=\"checkbox\" value=\"next7days\" id=\"date-next7days\" \/>\n                                                                <span>7 prochains jours<\/span>\n                                                            <\/label>\n                                                        <\/li>\n                                                        <li>\n                                                            <label class=\"select-filter__options__dates__item custom-label my-3\" for=\"date-next14days\">\n                                                                <input tabindex=\"0\" autocomplete=\"off\" type=\"checkbox\" value=\"next14days\" id=\"date-next14days\" \/>\n                                                                <span>14 prochains jours<\/span>\n                                                            <\/label>\n                                                        <\/li>\n                                                        <li>\n                                                            <label class=\"select-filter__options__dates__item custom-label my-3\" for=\"date-next30days\">\n                                                                <input tabindex=\"0\" autocomplete=\"off\" type=\"checkbox\" value=\"next30days\" id=\"date-next30days\" \/>\n                                                                <span>30 prochains jours<\/span>\n                                                            <\/label>\n                                                        <\/li>\n                                                    <\/ul>\n                                                <\/div>\n                                            <\/div>\n                                        <\/div>\n                                        <div class=\"col-auto my-auto d-block d-sm-none\">\n                                            <span>\n                                                <b> ou <\/b>\n                                            <\/span>\n                                        <\/div>\n                                        <div class=\"col-sm-auto my-auto\">\n                                            <input class=\"d-none\" autocomplete=\"off\" type=\"checkbox\" value=\"customdate\" id=\"date-range\" \/>\n                                            <div class=\"archive__filter__range mt-4 mt-sm-0\">\n                                                <span class=\"d-none d-sm-block\">\n                                                    <b> ou <\/b>\n                                                <\/span>\n                                                <span> De <\/span>\n                                                <label for=\"event-date-start\">\n                                                    <input type=\"text\" autocomplete=\"off\" id=\"event-date-start\"  placeholder=\"JJ\/MM\/AAAA\">\n                                                <\/label>\n                                                <span> Pour <\/span>\n                                                <label for=\"event-date-end\">\n                                                    <input type=\"text\" autocomplete=\"off\" id=\"event-date-end\"  placeholder=\"JJ\/MM\/AAAA\">\n                                                <\/label>\n                                            <\/div>\n                                        <\/div>\n                                    <\/div>\n                                <\/div>\n                            <\/div>\n                        <\/div>\n                    <\/div>\n                <\/div>\n            <\/div>\n            \n                    \n            <!-- Events -->\n            <div class=\"archive__results\">\n                <div class=\"container px-5 px-lg-8\">\n                    <h2 class=\"mb-4 d-none d-lg-block\" >Activit\u00e9s connexes<\/h2>\n    <h2 class=\"mb-4 d-block d-lg-none\" >Activit\u00e9s connexes<\/h2>\n                    <div class=\"row g-7 resultItems\"><\/div>\n                <\/div>\n            <\/div>\n\n            <!-- Laad meer -->\n            <div class=\"block text-center loadMoreWrapper block block--double-spacing pb-0\" style=\"display: none;\">\n                <div class=\"container px-5 px-lg-8\">\n                    <button aria-label=\"Chargez plus d&#039;\u00e9v\u00e9nements\" tabindex=\"0\" class=\"btn btn--perzik-purple loadMore\">\n                        Plus d'activit\u00e9s\n                    <\/button>\n                <\/div>\n            <\/div>\n        <\/div>\n\n        \n            <\/section>","protected":false},"featured_media":2073,"parent":0,"template":"","tags":[],"spot_category":[129],"class_list":{"0":"post-2062","1":"spot","2":"type-spot","3":"status-publish","4":"has-post-thumbnail","6":"spot_category-tips-trips"},"acf":[],"_links":{"self":[{"href":"https:\/\/visitvlissingen.nl\/fr\/wp-json\/wp\/v2\/spot\/2062","targetHints":{"allow":["GET"]}}],"collection":[{"href":"https:\/\/visitvlissingen.nl\/fr\/wp-json\/wp\/v2\/spot"}],"about":[{"href":"https:\/\/visitvlissingen.nl\/fr\/wp-json\/wp\/v2\/types\/spot"}],"wp:featuredmedia":[{"embeddable":true,"href":"https:\/\/visitvlissingen.nl\/fr\/wp-json\/wp\/v2\/media\/2073"}],"wp:attachment":[{"href":"https:\/\/visitvlissingen.nl\/fr\/wp-json\/wp\/v2\/media?parent=2062"}],"wp:term":[{"taxonomy":"post_tag","embeddable":true,"href":"https:\/\/visitvlissingen.nl\/fr\/wp-json\/wp\/v2\/tags?post=2062"},{"taxonomy":"spot_category","embeddable":true,"href":"https:\/\/visitvlissingen.nl\/fr\/wp-json\/wp\/v2\/spot_category?post=2062"}],"curies":[{"name":"wp","href":"https:\/\/api.w.org\/{rel}","templated":true}]}}